{"id":224,"date":"2019-01-03T21:57:09","date_gmt":"2019-01-03T20:57:09","guid":{"rendered":"http:\/\/www.choralesimagine.be\/?page_id=224"},"modified":"2025-11-05T21:57:44","modified_gmt":"2025-11-05T20:57:44","slug":"comite-commission-musicale","status":"publish","type":"page","link":"https:\/\/www.choralesimagine.be\/index.php\/comite-commission-musicale\/","title":{"rendered":"Comit\u00e9 \/ Commission musicale"},"content":{"rendered":"<section id=\"builder-section-text_11\" class=\"builder-section-first builder-section builder-section-text builder-section-last builder-text-columns-1\" style=\"background-size: cover; background-repeat: no-repeat;background-position: center center;\">\n<div class=\"builder-section-content\">\n<div class=\"builder-text-row\">\n<div class=\"builder-text-column builder-text-column-1\" id=\"builder-section-text_11-column-1\">\n<div class=\"builder-text-content\">\n<h3><big>Comit\u00e9 \/ Commission musicale<\/big><\/h3>\n<hr class=\"ttfmake-hr\" style=\"border-style: solid; border-top-width: 1px;\" \/>\n<h4>Le comit\u00e9<\/h4>\n<p><i><strong>Pr\u00e9sident:<\/strong><span class=\"Apple-converted-space\">\u00a0<\/span><\/i><i> <\/i>Joseph DEGRAUX<\/p>\n<p><strong><i>Secr\u00e9taire:<span class=\"Apple-converted-space\">\u00a0<\/span><\/i><\/strong> Delphine THOMAS<\/p>\n<p><strong><i>Tr\u00e9sorier:<\/i><i> <\/i><\/strong>Alain DUJEU<\/p>\n<p><strong><i>Membres:<\/i><\/strong><\/p>\n<ul>\n<li>Philippe LEFEBVRE<span class=\"Apple-converted-space\">\u00a0<\/span><\/li>\n<li>Simone BRIGODE<\/li>\n<li>Lucie ESTIEVENART<\/li>\n<li>Louise TOUSSAINT<\/li>\n<li>Marie-Agn\u00e8s WAVREILLE<\/li>\n<\/ul>\n<hr class=\"ttfmake-hr\" style=\"border-style: solid; border-top-width: 1px;\" \/>\n\t\t\t\t\t<\/div>\n<\/p><\/div>\n<\/p><\/div>\n<div class=\"builder-text-row\">\n<div class=\"builder-text-column builder-text-column-2\" id=\"builder-section-text_11-column-1\">\n<div class=\"builder-text-content\">\n<h4>La commission musicale<\/h4>\n<p><a href=\"http:\/\/www.choralesimagine.be\/index.php\/stephanie_guilmin\/\">St\u00e9phanie GUILMIN<\/a> (Cheffe)<\/p>\n<p>Pierre-Micha\u00ebl PAVONE (Pianiste)<\/p>\n<p>Philippe LEFEBVRE<\/p>\n<p>Joseph DEGRAUX<\/p>\n<p>Delphine THOMAS<\/p>\n<p>Nathalie STERNON<\/p>\n<\/p><\/div>\n<\/p><\/div>\n<\/p><\/div>\n<\/p><\/div>\n<\/section>\n","protected":false},"excerpt":{"rendered":"<p>Comit\u00e9 \/ Commission musicale Le comit\u00e9 Pr\u00e9sident:\u00a0 Joseph DEGRAUX Secr\u00e9taire:\u00a0 Delphine THOMAS Tr\u00e9sorier: Alain DUJEU Membres: Philippe LEFEBVRE\u00a0 Simone BRIGODE Lucie ESTIEVENART Louise TOUSSAINT Marie-Agn\u00e8s WAVREILLE La commission musicale St\u00e9phanie GUILMIN (Cheffe) Pierre-Micha\u00ebl PAVONE (Pianiste) Philippe LEFEBVRE Joseph DEGRAUX Delphine THOMAS Nathalie STERNON<\/p>\n","protected":false},"author":1,"featured_media":0,"parent":0,"menu_order":0,"comment_status":"closed","ping_status":"closed","template":"template-builder.php","meta":{"footnotes":""},"class_list":["post-224","page","type-page","status-publish","hentry"],"aioseo_notices":[],"aioseo_head":"\n\t\t<!-- All in One SEO 5.0.1.1 - aioseo.com -->\n\t<meta name=\"description\" content=\"Comit\u00e9 \/ Commission musicale Le comit\u00e9 Pr\u00e9sident: Joseph DEGRAUX Secr\u00e9taire: Delphine THOMAS Tr\u00e9sorier: Alain DUJEU Membres: Philippe LEFEBVRE Simone BRIGODE Lucie ESTIEVENART Louise TOUSSAINT Marie-Agn\u00e8s WAVREILLE La commission musicale St\u00e9phanie GUILMIN (Cheffe) Pierre-Micha\u00ebl PAVONE (Pianiste) Philippe LEFEBVRE Joseph DEGRAUX Delphine THOMAS Nathalie STERNON\" \/>\n\t<meta name=\"robots\" content=\"max-image-preview:large\" \/>\n\t<link rel=\"canonical\" href=\"https:\/\/www.choralesimagine.be\/index.php\/comite-commission-musicale\/\" \/>\n\t<meta name=\"generator\" content=\"All in One SEO (AIOSEO) 5.0.1.1\" \/>\n\t\t<meta property=\"og:locale\" content=\"fr_FR\" \/>\n\t\t<meta property=\"og:site_name\" content=\"Ensemble vocal Imagine | Mettet, BELGIQUE\" \/>\n\t\t<meta property=\"og:type\" content=\"article\" \/>\n\t\t<meta property=\"og:title\" content=\"Comit\u00e9 \/ Commission musicale | Ensemble vocal Imagine\" \/>\n\t\t<meta property=\"og:description\" content=\"Comit\u00e9 \/ Commission musicale Le comit\u00e9 Pr\u00e9sident: Joseph DEGRAUX Secr\u00e9taire: Delphine THOMAS Tr\u00e9sorier: Alain DUJEU Membres: Philippe LEFEBVRE Simone BRIGODE Lucie ESTIEVENART Louise TOUSSAINT Marie-Agn\u00e8s WAVREILLE La commission musicale St\u00e9phanie GUILMIN (Cheffe) Pierre-Micha\u00ebl PAVONE (Pianiste) Philippe LEFEBVRE Joseph DEGRAUX Delphine THOMAS Nathalie STERNON\" \/>\n\t\t<meta property=\"og:url\" content=\"https:\/\/www.choralesimagine.be\/index.php\/comite-commission-musicale\/\" \/>\n\t\t<meta property=\"article:published_time\" content=\"2019-01-03T20:57:09+00:00\" \/>\n\t\t<meta property=\"article:modified_time\" content=\"2025-11-05T20:57:44+00:00\" \/>\n\t\t<meta name=\"twitter:card\" content=\"summary\" \/>\n\t\t<meta name=\"twitter:title\" content=\"Comit\u00e9 \/ Commission musicale | Ensemble vocal Imagine\" \/>\n\t\t<meta name=\"twitter:description\" content=\"Comit\u00e9 \/ Commission musicale Le comit\u00e9 Pr\u00e9sident: Joseph DEGRAUX Secr\u00e9taire: Delphine THOMAS Tr\u00e9sorier: Alain DUJEU Membres: Philippe LEFEBVRE Simone BRIGODE Lucie ESTIEVENART Louise TOUSSAINT Marie-Agn\u00e8s WAVREILLE La commission musicale St\u00e9phanie GUILMIN (Cheffe) Pierre-Micha\u00ebl PAVONE (Pianiste) Philippe LEFEBVRE Joseph DEGRAUX Delphine THOMAS Nathalie STERNON\" \/>\n\t\t<script type=\"application\/ld+json\" class=\"aioseo-schema\">\n\t\t\t{\"@context\":\"https:\\\/\\\/schema.org\",\"@graph\":[{\"@type\":\"BreadcrumbList\",\"@id\":\"https:\\\/\\\/www.choralesimagine.be\\\/index.php\\\/comite-commission-musicale\\\/#breadcrumblist\",\"itemListElement\":[{\"@type\":\"ListItem\",\"@id\":\"https:\\\/\\\/www.choralesimagine.be#listItem\",\"position\":1,\"name\":\"Accueil\",\"item\":\"https:\\\/\\\/www.choralesimagine.be\",\"nextItem\":{\"@type\":\"ListItem\",\"@id\":\"https:\\\/\\\/www.choralesimagine.be\\\/index.php\\\/comite-commission-musicale\\\/#listItem\",\"name\":\"Comit\\u00e9 \\\/ Commission musicale\"}},{\"@type\":\"ListItem\",\"@id\":\"https:\\\/\\\/www.choralesimagine.be\\\/index.php\\\/comite-commission-musicale\\\/#listItem\",\"position\":2,\"name\":\"Comit\\u00e9 \\\/ Commission musicale\",\"previousItem\":{\"@type\":\"ListItem\",\"@id\":\"https:\\\/\\\/www.choralesimagine.be#listItem\",\"name\":\"Accueil\"}}]},{\"@type\":\"Organization\",\"@id\":\"https:\\\/\\\/www.choralesimagine.be\\\/#organization\",\"name\":\"Chorales Imagine\",\"description\":\"Mettet, BELGIQUE\",\"url\":\"https:\\\/\\\/www.choralesimagine.be\\\/\"},{\"@type\":\"WebPage\",\"@id\":\"https:\\\/\\\/www.choralesimagine.be\\\/index.php\\\/comite-commission-musicale\\\/#webpage\",\"url\":\"https:\\\/\\\/www.choralesimagine.be\\\/index.php\\\/comite-commission-musicale\\\/\",\"name\":\"Comit\\u00e9 \\\/ Commission musicale | Ensemble vocal Imagine\",\"description\":\"Comit\\u00e9 \\\/ Commission musicale Le comit\\u00e9 Pr\\u00e9sident: Joseph DEGRAUX Secr\\u00e9taire: Delphine THOMAS Tr\\u00e9sorier: Alain DUJEU Membres: Philippe LEFEBVRE Simone BRIGODE Lucie ESTIEVENART Louise TOUSSAINT Marie-Agn\\u00e8s WAVREILLE La commission musicale St\\u00e9phanie GUILMIN (Cheffe) Pierre-Micha\\u00ebl PAVONE (Pianiste) Philippe LEFEBVRE Joseph DEGRAUX Delphine THOMAS Nathalie STERNON\",\"inLanguage\":\"fr-FR\",\"isPartOf\":{\"@id\":\"https:\\\/\\\/www.choralesimagine.be\\\/#website\"},\"breadcrumb\":{\"@id\":\"https:\\\/\\\/www.choralesimagine.be\\\/index.php\\\/comite-commission-musicale\\\/#breadcrumblist\"},\"datePublished\":\"2019-01-03T21:57:09+01:00\",\"dateModified\":\"2025-11-05T21:57:44+01:00\"},{\"@type\":\"WebSite\",\"@id\":\"https:\\\/\\\/www.choralesimagine.be\\\/#website\",\"url\":\"https:\\\/\\\/www.choralesimagine.be\\\/\",\"name\":\"Chorales Imagine\",\"description\":\"Mettet, BELGIQUE\",\"inLanguage\":\"fr-FR\",\"publisher\":{\"@id\":\"https:\\\/\\\/www.choralesimagine.be\\\/#organization\"}}]}\n\t\t<\/script>\n\t\t<!-- All in One SEO -->\n\n","aioseo_head_json":{"title":"Comit\u00e9 \/ Commission musicale | Ensemble vocal Imagine","description":"Comit\u00e9 \/ Commission musicale Le comit\u00e9 Pr\u00e9sident: Joseph DEGRAUX Secr\u00e9taire: Delphine THOMAS Tr\u00e9sorier: Alain DUJEU Membres: Philippe LEFEBVRE Simone BRIGODE Lucie ESTIEVENART Louise TOUSSAINT Marie-Agn\u00e8s WAVREILLE La commission musicale St\u00e9phanie GUILMIN (Cheffe) Pierre-Micha\u00ebl PAVONE (Pianiste) Philippe LEFEBVRE Joseph DEGRAUX Delphine THOMAS Nathalie STERNON","canonical_url":"https:\/\/www.choralesimagine.be\/index.php\/comite-commission-musicale\/","robots":"max-image-preview:large","keywords":"","webmasterTools":{"miscellaneous":""},"schema":{"@context":"https:\/\/schema.org","@graph":[{"@type":"BreadcrumbList","@id":"https:\/\/www.choralesimagine.be\/index.php\/comite-commission-musicale\/#breadcrumblist","itemListElement":[{"@type":"ListItem","@id":"https:\/\/www.choralesimagine.be#listItem","position":1,"name":"Accueil","item":"https:\/\/www.choralesimagine.be","nextItem":{"@type":"ListItem","@id":"https:\/\/www.choralesimagine.be\/index.php\/comite-commission-musicale\/#listItem","name":"Comit\u00e9 \/ Commission musicale"}},{"@type":"ListItem","@id":"https:\/\/www.choralesimagine.be\/index.php\/comite-commission-musicale\/#listItem","position":2,"name":"Comit\u00e9 \/ Commission musicale","previousItem":{"@type":"ListItem","@id":"https:\/\/www.choralesimagine.be#listItem","name":"Accueil"}}]},{"@type":"Organization","@id":"https:\/\/www.choralesimagine.be\/#organization","name":"Chorales Imagine","description":"Mettet, BELGIQUE","url":"https:\/\/www.choralesimagine.be\/"},{"@type":"WebPage","@id":"https:\/\/www.choralesimagine.be\/index.php\/comite-commission-musicale\/#webpage","url":"https:\/\/www.choralesimagine.be\/index.php\/comite-commission-musicale\/","name":"Comit\u00e9 \/ Commission musicale | Ensemble vocal Imagine","description":"Comit\u00e9 \/ Commission musicale Le comit\u00e9 Pr\u00e9sident: Joseph DEGRAUX Secr\u00e9taire: Delphine THOMAS Tr\u00e9sorier: Alain DUJEU Membres: Philippe LEFEBVRE Simone BRIGODE Lucie ESTIEVENART Louise TOUSSAINT Marie-Agn\u00e8s WAVREILLE La commission musicale St\u00e9phanie GUILMIN (Cheffe) Pierre-Micha\u00ebl PAVONE (Pianiste) Philippe LEFEBVRE Joseph DEGRAUX Delphine THOMAS Nathalie STERNON","inLanguage":"fr-FR","isPartOf":{"@id":"https:\/\/www.choralesimagine.be\/#website"},"breadcrumb":{"@id":"https:\/\/www.choralesimagine.be\/index.php\/comite-commission-musicale\/#breadcrumblist"},"datePublished":"2019-01-03T21:57:09+01:00","dateModified":"2025-11-05T21:57:44+01:00"},{"@type":"WebSite","@id":"https:\/\/www.choralesimagine.be\/#website","url":"https:\/\/www.choralesimagine.be\/","name":"Chorales Imagine","description":"Mettet, BELGIQUE","inLanguage":"fr-FR","publisher":{"@id":"https:\/\/www.choralesimagine.be\/#organization"}}]},"og:locale":"fr_FR","og:site_name":"Ensemble vocal Imagine | Mettet, BELGIQUE","og:type":"article","og:title":"Comit\u00e9 \/ Commission musicale | Ensemble vocal Imagine","og:description":"Comit\u00e9 \/ Commission musicale Le comit\u00e9 Pr\u00e9sident: Joseph DEGRAUX Secr\u00e9taire: Delphine THOMAS Tr\u00e9sorier: Alain DUJEU Membres: Philippe LEFEBVRE Simone BRIGODE Lucie ESTIEVENART Louise TOUSSAINT Marie-Agn\u00e8s WAVREILLE La commission musicale St\u00e9phanie GUILMIN (Cheffe) Pierre-Micha\u00ebl PAVONE (Pianiste) Philippe LEFEBVRE Joseph DEGRAUX Delphine THOMAS Nathalie STERNON","og:url":"https:\/\/www.choralesimagine.be\/index.php\/comite-commission-musicale\/","article:published_time":"2019-01-03T20:57:09+00:00","article:modified_time":"2025-11-05T20:57:44+00:00","twitter:card":"summary","twitter:title":"Comit\u00e9 \/ Commission musicale | Ensemble vocal Imagine","twitter:description":"Comit\u00e9 \/ Commission musicale Le comit\u00e9 Pr\u00e9sident: Joseph DEGRAUX Secr\u00e9taire: Delphine THOMAS Tr\u00e9sorier: Alain DUJEU Membres: Philippe LEFEBVRE Simone BRIGODE Lucie ESTIEVENART Louise TOUSSAINT Marie-Agn\u00e8s WAVREILLE La commission musicale St\u00e9phanie GUILMIN (Cheffe) Pierre-Micha\u00ebl PAVONE (Pianiste) Philippe LEFEBVRE Joseph DEGRAUX Delphine THOMAS Nathalie STERNON"},"aioseo_meta_data":{"post_id":"224","title":null,"description":null,"keywords":null,"keyphrases":{"focus":{"keyphrase":"","score":0,"analysis":{"keyphraseInTitle":{"score":0,"maxScore":9,"error":1}}},"additional":[]},"primary_term":null,"canonical_url":null,"og_title":null,"og_description":null,"og_object_type":"default","og_image_type":"default","og_image_url":null,"og_image_width":null,"og_image_height":null,"og_image_custom_url":null,"og_image_custom_fields":null,"og_video":"","og_custom_url":null,"og_article_section":null,"og_article_tags":null,"twitter_use_og":false,"twitter_card":"default","twitter_image_type":"default","twitter_image_url":null,"twitter_image_custom_url":null,"twitter_image_custom_fields":null,"twitter_title":null,"twitter_description":null,"schema":{"blockGraphs":[],"customGraphs":[],"default":{"data":{"Article":[],"Course":[],"Dataset":[],"FAQPage":[],"Movie":[],"Person":[],"Product":[],"ProductReview":[],"Car":[],"Recipe":[],"Service":[],"SoftwareApplication":[],"WebPage":[]},"graphName":"WebPage","isEnabled":true},"graphs":[]},"schema_type":null,"schema_type_options":null,"pillar_content":false,"robots_default":true,"robots_noindex":false,"robots_noarchive":false,"robots_nosnippet":false,"robots_nofollow":false,"robots_noimageindex":false,"robots_noodp":false,"robots_notranslate":false,"robots_max_snippet":"-1","robots_max_videopreview":"-1","robots_max_imagepreview":"large","priority":null,"frequency":"default","local_seo":null,"breadcrumb_settings":null,"limit_modified_date":false,"ai":{"faqs":[],"keyPoints":[],"titles":[],"descriptions":[],"socialPosts":{"email":[],"linkedin":[],"twitter":[],"facebook":[],"instagram":[]}},"created":"2021-08-25 18:30:41","updated":"2025-11-05 21:18:58","seo_analyzer_scan_date":null,"focus_keyword":null,"additional_keywords":null,"truseo_locale":null},"aioseo_breadcrumb":"<div class=\"aioseo-breadcrumbs\"><span class=\"aioseo-breadcrumb\">\n\t\t\t<a href=\"https:\/\/www.choralesimagine.be\" title=\"Accueil\">Accueil<\/a>\n\t\t<\/span><span class=\"aioseo-breadcrumb-separator\">&raquo;<\/span><span class=\"aioseo-breadcrumb\">\n\t\t\tComit\u00e9 \/ Commission musicale\n\t\t<\/span><\/div>","aioseo_breadcrumb_json":[{"label":"Accueil","link":"https:\/\/www.choralesimagine.be"},{"label":"Comit\u00e9 \/ Commission musicale","link":"https:\/\/www.choralesimagine.be\/index.php\/comite-commission-musicale\/"}],"_links":{"self":[{"href":"https:\/\/www.choralesimagine.be\/index.php\/wp-json\/wp\/v2\/pages\/224","targetHints":{"allow":["GET"]}}],"collection":[{"href":"https:\/\/www.choralesimagine.be\/index.php\/wp-json\/wp\/v2\/pages"}],"about":[{"href":"https:\/\/www.choralesimagine.be\/index.php\/wp-json\/wp\/v2\/types\/page"}],"author":[{"embeddable":true,"href":"https:\/\/www.choralesimagine.be\/index.php\/wp-json\/wp\/v2\/users\/1"}],"replies":[{"embeddable":true,"href":"https:\/\/www.choralesimagine.be\/index.php\/wp-json\/wp\/v2\/comments?post=224"}],"version-history":[{"count":23,"href":"https:\/\/www.choralesimagine.be\/index.php\/wp-json\/wp\/v2\/pages\/224\/revisions"}],"predecessor-version":[{"id":524,"href":"https:\/\/www.choralesimagine.be\/index.php\/wp-json\/wp\/v2\/pages\/224\/revisions\/524"}],"wp:attachment":[{"href":"https:\/\/www.choralesimagine.be\/index.php\/wp-json\/wp\/v2\/media?parent=224"}],"curies":[{"name":"wp","href":"https:\/\/api.w.org\/{rel}","templated":true}]}}